{"id":3847,"date":"2024-12-12T11:47:00","date_gmt":"2024-12-12T10:47:00","guid":{"rendered":"https:\/\/belvarosiorvosicentrum.hu\/?post_type=orvos&#038;p=3847"},"modified":"2025-06-18T12:50:25","modified_gmt":"2025-06-18T10:50:25","slug":"timea-tisza-md","status":"publish","type":"orvos","link":"https:\/\/belvarosiorvosicentrum.hu\/en\/orvos\/timea-tisza-md\/","title":{"rendered":"Timea Tisza MD"},"content":{"rendered":"\n<div class=\"wp-block-buttons is-layout-flex wp-block-buttons-is-layout-flex\">\n<div class=\"wp-block-button is-style-fill\"><a class=\"wp-block-button__link has-teal-background-color has-background wp-element-button\" href=\"https:\/\/medicall.cc\/idopontfoglalas\/boc\/doctors?doctorId=445678\" target=\"_blank\" rel=\"noopener\">Id\u0151pontfoglal\u00e1s<\/a><\/div>\n<\/div>\n\n<div style=\"height:17px\" aria-hidden=\"true\" class=\"wp-block-spacer\"><\/div>\n\n<h3 class=\"wp-block-heading\">Szakter\u00fcletek<\/h3>\n\n<ul class=\"wp-block-list\">\n<li>Szexu\u00e1lis \u00e9rintkez\u00e9ssel terjed\u0151 betegs\u00e9gek (<a href=\"https:\/\/belvarosiorvosicentrum.hu\/std\">STD<\/a>) ell\u00e1t\u00e1sa<\/li>\n\n\n\n<li>Hum\u00e1n papilloma v\u00edrus (<a href=\"https:\/\/belvarosiorvosicentrum.hu\/hpv\">HPV<\/a>) fert\u0151z\u00e9s kimutat\u00e1sa, kezel\u00e9se, megel\u0151z\u00e9se<\/li>\n\n\n\n<li>A nemi szervek b\u0151rbetegs\u00e9gei<\/li>\n<\/ul>\n\n<h3 class=\"wp-block-heading\">P\u00e1cienseink v\u00e9lem\u00e9nye<\/h3>\n\n<blockquote class=\"wp-block-quote is-layout-flow wp-block-quote-is-layout-flow\">\n<p><em>&#8220;Dr. Tisza T\u00edme\u00e1hoz j\u00e1rtam (STD\/<a href=\"https:\/\/belvarosiorvosicentrum.hu\/nemigyogyaszat\">nemigy\u00f3gy\u00e1szat<\/a>), \u00e9letem egyik legjobb d\u00f6nt\u00e9se volt, hogy elmentem hozz\u00e1.<\/em><br \/><em>Szakmai tud\u00e1sa kiv\u00e1l\u00f3, nagyon alapos \u00e9s mindent megtesz az\u00e9rt, hogy meggy\u00f3gy\u00edtsa a beteg\u00e9t. M\u00e9g akkor is, ha ehhez a saj\u00e1t ter\u00fclet\u00e9n k\u00edv\u00fcl es\u0151 orvosl\u00e1sra van sz\u00fcks\u00e9g. Pl. az \u00e9n esetemben egy alkalommal m\u00e9g egy kutat\u00f3orvossal is besz\u00e9lt, hogy hat\u00e9kony gy\u00f3gyszert adhasson egy rezisztens baci ellen. N\u00e1lam \u00edgy der\u00fclt ki az is, hogy a TSH szintem nagyon magas, a D vitamin szintem pedig szinte nulla. (Megjegyzem ez ut\u00f3bbi kett\u0151 nem t\u00fcnetek n\u00e9lk\u00fcli, \u00fagyhogy a k\u00f6rzeti orvosomnak erre m\u00e1r r\u00e9g r\u00e1 kellett volna j\u00f6nnie&#8230;)<\/em><br \/><em>A beteg\u00e9vel \u00fagy besz\u00e9l, mint egyenrang\u00fa f\u00e9llel (\u00e9rtelmes, intelligens emberrel).<\/em><br \/><em>\u00c9n a neten tal\u00e1ltak alapj\u00e1n v\u00e1lasztottam a doktorn\u0151t, a Belv\u00e1rosi Orvos Centrumba csak az\u00e9rt mentem, mert ott volt el\u00e9rhet\u0151. Ha m\u00e1shol lenne mag\u00e1nrendel\u00e9se, oda mentem volna. Mivel t\u00falsz\u00e1rnyalta minden elk\u00e9pzel\u00e9semet, ez\u00e9rt amikor nem volt el\u00e9rhet\u0151 (pl. betegs\u00e9g miatt), nem fogadtam el id\u0151pontot m\u00e1s orvoshoz, ink\u00e1bb hetekig v\u00e1rtam. Nem b\u00e1ntam meg.<\/em><br \/><em>Mindenkinek csak aj\u00e1nlani tudom, nem sok ilyen orvos &#8220;szaladg\u00e1l&#8221; a vil\u00e1gon. Akinek nemigy\u00f3gy\u00e1szra van sz\u00fcks\u00e9ge, Dr. Tisza T\u00edme\u00e1t keresse!&#8221;<\/em><br \/>V.Vir\u00e1g<\/p>\n<\/blockquote>\n\n<blockquote class=\"wp-block-quote is-layout-flow wp-block-quote-is-layout-flow\">\n<p><em>&#8220;K\u00f6sz\u00f6n\u00f6m a sok seg\u00edts\u00e9get \u00e9s t\u00fcrelmet, \u00e9s engedje meg, hogy minden h\u00edzelg\u00e9si sz\u00e1nd\u00e9kt\u00f3l mentesen elmondjam: a KOC-ban tapasztaltak m\u00e9g 15, eg\u00e9szs\u00e9g\u00fcgy berkein bel\u00fcl elt\u00f6lt\u00f6tt \u00e9v t\u00fckr\u00e9ben is leny\u0171g\u00f6z\u0151ek. Az asszisztensn\u0151k is fantasztikusan kedvesek, k\u00e9szs\u00e9gesek, mosolyg\u00f3sak, a munkafolyamatok g\u00f6rd\u00fcl\u00e9kenyek, a kommunik\u00e1ci\u00f3 is professzion\u00e1lis. \u0150szint\u00e9n \u00e9s sz\u00edvb\u0151l fogom terjeszteni a rendel\u0151 j\u00f3 h\u00edr\u00e9t a j\u00f6v\u0151ben, szakm\u00e1n bel\u00fcl \u00e9s k\u00edv\u00fcl egyar\u00e1nt! L\u00e1ssuk be: az STD-hez kapcsol\u00f3d\u00f3 t\u00e9m\u00e1k k\u00ednosak, nem sz\u00edvesen besz\u00e9l r\u00f3luk az ember. K\u00f6zszf\u00e9r\u00e1ban rettenetes megal\u00e1ztat\u00e1sokr\u00f3l sz\u00e1molnak be a p\u00e1ciensek, m\u00e9g egy &#8220;sima&#8221; sz\u0171r\u00e9s kapcs\u00e1n is. (Megjegyzem, am\u00edg ez \u00edgy van, hi\u00e1ba hirdetj\u00fck a sz\u0171r\u00e9s, megel\u0151z\u00e9s fontoss\u00e1g\u00e1t). A KOC-ban mindenki \u00fagy besz\u00e9l err\u0151l a t\u00e9m\u00e1r\u00f3l, mintha \u00e9pp mondjuk alma-v\u00e1s\u00e1rl\u00e1sr\u00f3l lenne sz\u00f3, azaz a lehet\u0151 legterm\u00e9szetesebben. Nincs az a p\u00e1ciens, aki ez\u00e9rt ne lenne h\u00e1l\u00e1s. Hihetetlen, de m\u00e9g a p\u00e9nzt\u00e1rban t\u00f6rt\u00e9n\u0151 fizet\u00e9sn\u00e9l is jut egy mosoly \u00e9s n\u00e9h\u00e1ny kedves sz\u00f3&#8230; &#8220;<\/em><\/p>\n<\/blockquote>\n\n<blockquote class=\"wp-block-quote is-layout-flow wp-block-quote-is-layout-flow\">\n<p><em>&#8220;Amit Dr Tisza T\u00edmea neve f\u00e9mjelez, az csak a legjobb lehet!!!!!&#8221;<\/em><\/p>\n<\/blockquote>\n\n<blockquote class=\"wp-block-quote is-layout-flow wp-block-quote-is-layout-flow\">\n<p><em>&#8220;Ha b\u0151rgy\u00f3gy\u00e1szati probl\u00e9m\u00e1nk van ezt a rendel\u0151t v\u00e1lasztottuk csal\u00e1dilag , \u00e9s Dr. Tisza T\u00edme\u00e1t orvosunknak \u00e9s t\u00f6k\u00e9letesen megb\u00edzunk benne.&#8221;<\/em><\/p>\n<\/blockquote>\n\n<blockquote class=\"wp-block-quote is-layout-flow wp-block-quote-is-layout-flow\">\n<p><em>&#8220;Odafigyel a betegre, t\u00fcrelmesen meghallgatja a probl\u00e9m\u00e1t. Szaktud\u00e1sa \u00e9rz\u00e9kelhet\u0151, emberien b\u00e1nik a beteggel.&#8221;<\/em><\/p>\n<\/blockquote>\n\n<blockquote class=\"wp-block-quote is-layout-flow wp-block-quote-is-layout-flow\">\n<p><em>&#8220;Sajnos a betegs\u00e9gem gyerekkorom \u00f3ta testileg-lelkileg megvisel. \u00d6r\u00fcl\u00f6k, hogy v\u00e9gre tal\u00e1ltam egy olyan orvost, aki tiszt\u00e1ban van ezzel az eg\u00e9szs\u00e9g\u00fcgyi probl\u00e9m\u00e1val \u00e9s tud nekem seg\u00edteni. J\u00f3 \u00e9rz\u00e9s volt, hogy v\u00e9gre t\u00f6r\u0151dtek velem.&#8221;<\/em><\/p>\n<\/blockquote>\n\n<blockquote class=\"wp-block-quote is-layout-flow wp-block-quote-is-layout-flow\">\n<p><em>&#8220;A legodaad\u00f3bb, felk\u00e9sz\u00fcltebb, seg\u00edt\u0151k\u00e9sz &#8211; m\u00e1s szakter\u00fcletek bevon\u00e1s\u00e1val is!!! &#8211; empatikus, igazi gy\u00f3gy\u00edt\u00f3! T\u00f6bb \u00e9ves k\u00e1lv\u00e1ri\u00e1mon hetek alatt seg\u00edtett, meggy\u00f3gy\u00edtott. De ezen is t\u00falment, nem &#8220;csak&#8221; b\u0151rprobl\u00e9m\u00e1mat, hanem teljes emberk\u00e9nt kezelt. Kivizsg\u00e1l\u00e1som \u00e9s gy\u00f3gyul\u00e1som \u00e9rdek\u00e9ben bevonta &#8211; hasonl\u00f3an elk\u00f6telezett \u00e9s empatikus &#8211; orvos kolleg\u00e1it. Nem lehet v\u00e9letlen, hogy hossz\u00fa keresg\u00e9l\u00e9s ut\u00e1n a neten r\u00e1tal\u00e1ltam. B\u00edzom benne, a legjobb v\u00e1laszt\u00e1s volt!!!&#8221;<\/em><\/p>\n<\/blockquote>\n\n<blockquote class=\"wp-block-quote is-layout-flow wp-block-quote-is-layout-flow\">\n<p><em>&#8220;Kedves \u00e9s seg\u00edt\u0151k\u00e9sz. Odafigyel maxim\u00e1lisan a betegre a szem\u00e9lyes tal\u00e1lkoz\u00f3n. Elismeri azt is ha egy betegs\u00e9ggel kapcsolatban m\u00e1s szakembert kellene felkeresni.&#8221;<\/em><\/p>\n<\/blockquote>\n\n<h3 class=\"wp-block-heading\">V\u00e9gzetts\u00e9gek<\/h3>\n\n<ul class=\"wp-block-list\">\n<li>Semmelweis Orvostudom\u00e1nyi Egyetem \u00c1ltal\u00e1nos Orvosi Kar (1988, Budapest)<\/li>\n\n\n\n<li>B\u0151r- \u00e9s nemi gy\u00f3gy\u00e1szat, kozmetol\u00f3gia szakvizsga (1992)<\/li>\n<\/ul>\n\n<h3 class=\"wp-block-heading\">Munkahelyek<\/h3>\n\n<ul class=\"wp-block-list\">\n<li>Belv\u00e1rosi Orvosi Centrum (2015-t\u0151l)<\/li>\n\n\n\n<li>K\u00f6r\u00fati Orvosi Centrum (2007-2015)<\/li>\n\n\n\n<li>Phlebomed Rendel\u0151 (1995-2006)<\/li>\n\n\n\n<li>Laborigo Kft. (2001-2007)<\/li>\n\n\n\n<li>H-Med Diagnosztika Kft. (1999-2001)<\/li>\n\n\n\n<li>SOTE B\u0151r- \u00e9s Nemik\u00f3rtani Klinika STD ambulancia (1991-99)<\/li>\n\n\n\n<li>SOTE B\u0151r- \u00e9s Nemik\u00f3rtani Klinika (1988-1999)<\/li>\n<\/ul>\n\n<h3 class=\"wp-block-heading\">Tudom\u00e1nyos t\u00e1rsas\u00e1gi tags\u00e1g, tiszts\u00e9gek<\/h3>\n\n<ul class=\"wp-block-list\">\n<li>Magyar STI\u00a0T\u00e1rsas\u00e1g (1994-)\u00a0alap\u00edt\u00f3 tag, vezet\u0151s\u00e9gi tag (1994-), f\u0151titk\u00e1r (2006-2012), eln\u00f6k (2022-)<\/li>\n\n\n\n<li>IUSTI (International Society against the Sexually Transmitted Infections, 2001-) \u2013Magyarorsz\u00e1g k\u00e9pvisel\u0151je az International Board-ban (2006-2012)<\/li>\n\n\n\n<li>EADV (European Academy of Drematology and Venereology) tagja (2006-)<\/li>\n\n\n\n<li>ADA (Alpe-Danube-Adria STD Society, 2001-)<\/li>\n\n\n\n<li>Sz\u00fcl\u00e9szeti-n\u0151gy\u00f3gy\u00e1szati Prevenci\u00f3s Tudom\u00e1nyos T\u00e1rsas\u00e1g HPV szak\u00e9rt\u0151i h\u00e1l\u00f3zat (2007-)<\/li>\n\n\n\n<li>Magyar Mag\u00e1norvosok K\u00f6zhaszn\u00fa Egyes\u00fclete (MMKE)\u00a0alap\u00edt\u00f3 tag (2005-)<\/li>\n\n\n\n<li>Magyar Dermatol\u00f3giai T\u00e1rsulat (1988-) \u2013 vezet\u0151s\u00e9gi tag (2009-2011), a Fel\u00fcgyel\u0151 Bizotts\u00e1g tagja (2010-)<\/li>\n\n\n\n<li>Magyar Szexu\u00e1lis Medicina T\u00e1rsas\u00e1g (2011-)<\/li>\n<\/ul>\n\n<h3 class=\"wp-block-heading\">Publik\u00e1ci\u00f3k<\/h3>\n\n<ul class=\"wp-block-list\">\n<li>Angol \u00e9s magyar nyelven sz\u00e1mos tudom\u00e1nyos cikk szerz\u0151je<\/li>\n\n\n\n<li>Magyar Venerol\u00f3giai Arch\u00edvum (a Magyar STD T\u00e1rsas\u00e1g akkori lapja) szerkeszt\u0151je (1994-2000)<\/li>\n\n\n\n<li>STD \u00e9s genit\u00e1lis infektol\u00f3gia (a Magyar STD T\u00e1rsas\u00e1g jelenlegi lapja) szerkeszt\u0151je (2006- 2012)<\/li>\n<\/ul>\n\n<h3 class=\"wp-block-heading\">Kongresszusi r\u00e9szv\u00e9telek<\/h3>\n\n<ul class=\"wp-block-list\">\n<li>A k\u00f6vetkez\u0151 tudom\u00e1nyos t\u00e1rsas\u00e1gok \u00e1ltal szervezett konferenci\u00e1k rendszeres el\u0151ad\u00f3ja vagyok:<\/li>\n\n\n\n<li>IUSTI (International Society against the Sexually Transmitted Infections)<\/li>\n\n\n\n<li>ISSTDR (International Society for STD Resarch)<\/li>\n\n\n\n<li>ADA (Alpe-Danube-Adria STD Society)<\/li>\n\n\n\n<li>Magyar STD T\u00e1rsas\u00e1g<\/li>\n\n\n\n<li>Magyar Dermatol\u00f3giai T\u00e1rsulat<\/li>\n\n\n\n<li>Magyar Mag\u00e1norvosok K\u00f6zhaszn\u00fa Egyes\u00fclete<\/li>\n\n\n\n<li>Magyar Szexu\u00e1lis Medicina T\u00e1rsas\u00e1g<\/li>\n\n\n\n<li>Magyar Urol\u00f3gus T\u00e1rsas\u00e1g<\/li>\n\n\n\n<li>Magyar Androl\u00f3gus T\u00e1rsas\u00e1g<\/li>\n\n\n\n<li>Magyar N\u0151orvos T\u00e1rsas\u00e1g Cervixpathol\u00f3giai Szekci\u00f3<\/li>\n\n\n\n<li>Magyar Gyermekgy\u00f3gy\u00e1sz T\u00e1rsas\u00e1g<\/li>\n<\/ul>\n\n<h3 class=\"wp-block-heading\">D\u00edjak, kit\u0171ntet\u00e9sek<\/h3>\n\n<ul class=\"wp-block-list\">\n<li>Kaposi\u00a0 Eml\u00e9k\u00e9rem (2022. MDT r\u00e9sz\u00e9r\u0151l)<\/li>\n<\/ul>\n\n<h3 class=\"wp-block-heading\">Nyelvtud\u00e1s<\/h3>\n\n<p>angol, orosz, olasz<\/p>\n\n<h3 class=\"wp-block-heading\">M\u00e9diamegjelen\u00e9sek<\/h3>\n\n<ul class=\"wp-block-list\">\n<li><a href=\"https:\/\/szimpatika.hu\/cikkek\/13008\/a-hpv-es-a-ferfiak\" target=\"_blank\" rel=\"noopener\">A HPV \u00e9s a f\u00e9rfiak &#8211; Dr. Tisza T\u00edme\u00e1val, a Belv\u00e1rosi Orvosi Centrum orvos-igazgat\u00f3j\u00e1val besz\u00e9lgett\u00fcnk a HPV \u00e1ltal okozott probl\u00e9m\u00e1kr\u00f3l, k\u00fcl\u00f6n\u00f6s tekintettel a f\u00e9rfiakra gyakorolt hat\u00e1s\u00e1r\u00f3l. Szimpatika.hu 2023.05.<\/a><\/li>\n\n\n\n<li><a href=\"https:\/\/www.egeszsegkalauz.hu\/betegsegek\/szexualis-betegsegek\/nemi-betegsegek-szurese-mikor-hol-hogyan-vegzik-hasznos-eligazitasok-az-orvostol\/xv7elgz\" target=\"_blank\" rel=\"noopener\">Nemi betegs\u00e9gek sz\u0171r\u00e9se: mikor, hol, hogyan v\u00e9gzik? Hasznos eligaz\u00edt\u00e1sok az orvost\u00f3l &#8211; egeszsegkalauz.hu 2022. 06.<\/a><\/li>\n\n\n\n<li><a href=\"https:\/\/belvarosiorvosicentrum.hu\/files\/contents\/media\/240_20210929134028_0_9HRpQd6YNs.pdf\">Medical Tribune 2021. j\u00fanius, Dr. Tisza T\u00edmea: A fel nem ismert vagy f\u00e9lrediagnosztiz\u00e1lt k\u00f3rk\u00e9p<\/a><\/li>\n\n\n\n<li><a href=\"https:\/\/nlc.hu\/szurd_ki_cikkek\/20200917\/szex-oralis-analis-fertozes-std-sti-betegseg\/\" target=\"_blank\" rel=\"noopener\">Mit kock\u00e1ztatsz or\u00e1lis \u00e9s an\u00e1lis szexn\u00e9l &#8211; N\u0151k Lapja Caf\u00e9, 2020. szeptember<\/a><\/li>\n\n\n\n<li><a href=\"http:\/\/www.borsonline.hu\/aktualis\/a-bors-utanajart-rovarcsipes-utan-jobb-a-jeges-borogatas-mint-a-kalcium\/204802\" target=\"_blank\" rel=\"noopener\">Rovarcs\u00edp\u00e9s ut\u00e1n jobb a jeges borogat\u00e1s, mint a kalcium &#8211; Bors.hu, 2020. j\u00falius<\/a><\/li>\n\n\n\n<li><a href=\"https:\/\/noiegeszsegeve.hu\/nemi-betegsegek-szurese-mikor-hol-hogyan-vegzik\" target=\"_blank\" rel=\"noopener\">Nemi betegs\u00e9gek sz\u0171r\u00e9se: mikor, hol, hogyan v\u00e9gzik? &#8211;\u00a0N\u0151i Eg\u00e9szs\u00e9g \u00c9ve 2020, 2020. j\u00falius\u00a0<\/a>\u00a0\u00a0 \u00a0\u00a0<\/li>\n\n\n\n<li><a href=\"https:\/\/belvarosiorvosicentrum.hu\/files\/contents\/media\/164_20190502074745_0_NFnf1EkT9T.pdf\">Amit a HPV-r\u0151l tudni kell &#8211; Fanny magazin, 2019. \u00e1prilis<\/a><\/li>\n\n\n\n<li><a href=\"https:\/\/hearthis.at\/909-jazzy\/2018-12-16jazzyrandevu\/\" target=\"_blank\" rel=\"noopener\">Jazzy r\u00e1di\u00f3: Dr. Tisza T\u00edmea interj\u00fat adott a Jazzy r\u00e1di\u00f3 Randev\u00fa c\u00edm\u0171 m\u0171sor\u00e1ban a HPV a f\u00e9rfiakban t\u00e9m\u00e1ban<\/a><\/li>\n\n\n\n<li><a href=\"https:\/\/www.hazipatika.com\/napi_egeszseg\/orvosnal\/cikkek\/igy_zajlik_a_vizsgalat_a_nemigyogyasznal\/20181204120041?fbclid\" target=\"_blank\" rel=\"noopener\">\u00cdgy zajlik a vizsg\u00e1lat a nemigy\u00f3gy\u00e1szn\u00e1l &#8211; H\u00e1zipatika, 2018. december<\/a><\/li>\n\n\n\n<li><a href=\"https:\/\/belvarosiorvosicentrum.hu\/files\/contents\/media\/144_20181015100641_0_eEQmsPvoYJ.pdf\">Oltassak, vagy sem? &#8211; N\u0151k Lapja Eg\u00e9szs\u00e9g, 2018. okt\u00f3ber<\/a><\/li>\n\n\n\n<li><a href=\"https:\/\/www.youtube.com\/watch?v=3TUC9rQRWIc\" target=\"_blank\" rel=\"noopener\">ECHO TV: Tudakoz\u00f3 c\u00edm\u0171 m\u0171sor- Nemi betegs\u00e9gekr\u0151l tabuk n\u00e9lk\u00fcl Dr. Tisza T\u00edme\u00e1val<\/a><\/li>\n\n\n\n<li><a href=\"https:\/\/www.mixcloud.com\/909jazzy\/dr-jazzy-dr-tisza-t%C3%ADmea\/\" target=\"_blank\" rel=\"noreferrer noopener\">Jazzy r\u00e1di\u00f3: Dr Jazzy- m\u0171sorvezet\u0151 H.Varga Mariann k\u00e9rdez az STD-kr\u0151l\u00a0<\/a><\/li>\n\n\n\n<li><a href=\"http:\/\/hirtv.hu\/gyogyhir\/az-egy-ejszakas-kalandok-veszelyei-1302277\" target=\"_blank\" rel=\"noreferrer noopener\">H\u00edr TV : A Gy\u00f3gyh\u00edr magazin tud\u00f3s\u00edt\u00e1sa az Efott-r\u00f3l, ennek keret\u00e9ben k\u00e9sz\u00fclt interj\u00fa az egy\u00e9jszak\u00e1s kalandok vesz\u00e9lyeir\u0151l<\/a><\/li>\n\n\n\n<li><a href=\"http:\/\/video.mno.hu\/embed\/55745\" target=\"_blank\" rel=\"noreferrer noopener\">Dr. Tisza T\u00edmea a HPV fert\u0151z\u00e9s kimutat\u00e1s\u00e1r\u00f3l, kezel\u00e9s\u00e9r\u0151l \u00e9s megel\u0151z\u00e9s\u00e9r\u0151l a H\u00edrTV Gy\u00f3gyh\u00edr 2011. m\u00e1jus 15-i ad\u00e1s\u00e1ban<\/a><\/li>\n\n\n\n<li><a href=\"http:\/\/tv2.hu\/musoraink\/mokka\/127520_tudj_meg_tobbet_a_hpv-rol.html\" target=\"_blank\" rel=\"noreferrer noopener\">Dr. Tisza T\u00edmea \u2013 Tudj meg t\u00f6bbet a HPV-r\u0151l a TV2 Mokka, Hogyan legyek j\u00f3 n\u0151 c. m\u0171sor\u00e1nak 2013. m\u00e1jus 15-i ad\u00e1s\u00e1ban<\/a><\/li>\n\n\n\n<li><a href=\"http:\/\/tv2.hu\/musoraink\/tobb_mint_testor\/146540_vege_a_szexualis_uton_terjedo_pingpong_effektusnak.html\" target=\"_blank\" rel=\"noreferrer noopener\">Dr. Tisza T\u00edmea &#8211; V\u00e9ge a szexu\u00e1lis \u00faton terjed\u0151 pingpong effektusnak, TV2 T\u00f6bb mint test\u0151r<\/a><\/li>\n\n\n\n<li><a href=\"https:\/\/belvarosiorvosicentrum.hu\/files\/contents\/media\/84_20160922093700_0_hOm6sEkISZ.pdf\" target=\"_blank\" rel=\"noreferrer noopener\">HPV, a rejt\u0151zk\u00f6d\u0151 v\u00edrus &#8211; HelloBaby!, 2012. febru\u00e1r<\/a><\/li>\n\n\n\n<li><a href=\"https:\/\/belvarosiorvosicentrum.hu\/files\/contents\/media\/81_20160922093408_0_i4UC2Hn4YL.pdf\" target=\"_blank\" rel=\"noreferrer noopener\">HPV fert\u0151z\u00e9s f\u00e9rfiakban \u2013 Gy\u00f3gyszer\u00e9sz Tov\u00e1bbk\u00e9pz\u00e9s, 2008. m\u00e1rcius<\/a><\/li>\n\n\n\n<li><a href=\"http:\/\/humenmagazin.com\/hivaids-az-orvos-valaszol\/\" target=\"_blank\" rel=\"noreferrer noopener\">HIV\/AIDS &#8211; Az orvos v\u00e1laszol &#8211; Humen, 2015.december<\/a><\/li>\n<\/ul>\n\n<div style=\"height:80px\" aria-hidden=\"true\" class=\"wp-block-spacer\"><\/div>\n\n<div class=\"wp-block-columns is-layout-flex wp-container-core-columns-is-layout-9d6595d7 wp-block-columns-is-layout-flex\">\n<div class=\"wp-block-column is-layout-flow wp-block-column-is-layout-flow\">\n<figure class=\"wp-block-embed is-type-video is-provider-youtube wp-block-embed-youtube wp-embed-aspect-16-9 wp-has-aspect-ratio\"><div class=\"wp-block-embed__wrapper\">\n<iframe loading=\"lazy\" title=\"Hogyan kezelhet\u0151 a feln\u0151ttkori fitymasz\u0171k\u00fclet? (K\u00f6r\u00fclmet\u00e9l\u00e9s)\" width=\"640\" height=\"360\" src=\"https:\/\/www.youtube.com\/embed\/AlEZwIlUQwM?feature=oembed\" frameborder=\"0\" allow=\"accelerometer; autoplay; clipboard-write; encrypted-media; gyroscope; picture-in-picture; web-share\" referrerpolicy=\"strict-origin-when-cross-origin\" allowfullscreen><\/iframe>\n<\/div><\/figure>\n<\/div>\n\n\n\n<div class=\"wp-block-column is-layout-flow wp-block-column-is-layout-flow\">\n<figure class=\"wp-block-embed is-type-video is-provider-youtube wp-block-embed-youtube wp-embed-aspect-16-9 wp-has-aspect-ratio\"><div class=\"wp-block-embed__wrapper\">\n<iframe loading=\"lazy\" title=\"Korszer\u0171 m\u00e9hnyakr\u00e1ksz\u0171r\u00e9s\" width=\"640\" height=\"360\" src=\"https:\/\/www.youtube.com\/embed\/GRt_QJMRrL4?feature=oembed\" frameborder=\"0\" allow=\"accelerometer; autoplay; clipboard-write; encrypted-media; gyroscope; picture-in-picture; web-share\" referrerpolicy=\"strict-origin-when-cross-origin\" allowfullscreen><\/iframe>\n<\/div><\/figure>\n<\/div>\n<\/div>\n","protected":false},"excerpt":{"rendered":"","protected":false},"featured_media":2898,"template":"","meta":{"_acf_changed":true},"orvos-kategoria":[87],"class_list":["post-3847","orvos","type-orvos","status-publish","has-post-thumbnail","hentry","orvos-kategoria-dermatologist-venereologist","sticky"],"acf":[],"_links":{"self":[{"href":"https:\/\/belvarosiorvosicentrum.hu\/en\/wp-json\/wp\/v2\/orvos\/3847","targetHints":{"allow":["GET"]}}],"collection":[{"href":"https:\/\/belvarosiorvosicentrum.hu\/en\/wp-json\/wp\/v2\/orvos"}],"about":[{"href":"https:\/\/belvarosiorvosicentrum.hu\/en\/wp-json\/wp\/v2\/types\/orvos"}],"wp:featuredmedia":[{"embeddable":true,"href":"https:\/\/belvarosiorvosicentrum.hu\/en\/wp-json\/wp\/v2\/media\/2898"}],"wp:attachment":[{"href":"https:\/\/belvarosiorvosicentrum.hu\/en\/wp-json\/wp\/v2\/media?parent=3847"}],"wp:term":[{"taxonomy":"orvos-kategoria","embeddable":true,"href":"https:\/\/belvarosiorvosicentrum.hu\/en\/wp-json\/wp\/v2\/orvos-kategoria?post=3847"}],"curies":[{"name":"wp","href":"https:\/\/api.w.org\/{rel}","templated":true}]}}